{"id":15335,"date":"2026-09-03T23:28:13","date_gmt":"2026-09-03T23:28:13","guid":{"rendered":"https:\/\/humanitairehub.com\/?post_type=hh_job&#038;p=15335"},"modified":"2026-09-03T23:28:13","modified_gmt":"2026-09-03T23:28:13","slug":"responsable-projet","status":"publish","type":"hh_job","link":"https:\/\/humanitairehub.com\/en\/emploi\/responsable-projet\/","title":{"rendered":"Responsable projet"},"content":{"rendered":"<section class=\"pb32\">\n<div class=\"container\">\n<div class=\"mt32\">\n<div class=\"row\">\n<div class=\"col-md-9\">\n<h2>Responsable projet INI &#8211; SI\u00c8GE DAKAR &#8211; H\/F<\/h2>\n<\/div>\n<\/div>\n<\/div>\n<\/div>\n<\/section>\n<div>\n<section class=\"pt32 o_colored_level\">\n<div class=\"container\">\n<div class=\"row\">\n<div class=\"col-lg-8 pb32 o_colored_level\">\n<h3>PR\u00c9SENTATION ALIMA<\/h3>\n<p><strong>L&rsquo;ESPRIT ALIMA :<\/strong>\u00a0La raison d&rsquo;\u00eatre d&rsquo;ALIMA est de sauver des vies et de soigner les populations les plus vuln\u00e9rables, sans aucune discrimination identitaire, religieuse ou politique, \u00e0 travers des actions bas\u00e9es sur la proximit\u00e9, l&rsquo;innovation et l&rsquo;alliance d&rsquo;organisations et d&rsquo;individus. Nous agissons avec humanisme, impartialit\u00e9 et dans le respect de l&rsquo;\u00e9thique m\u00e9dicale universelle. Pour acc\u00e9der aux patients, nous nous engageons \u00e0 intervenir de fa\u00e7on neutre et ind\u00e9pendante.<\/p>\n<p><strong>LES VALEURS et PRINCIPES<\/strong>\u00a0de notre action, inscrits au sein de notre CHARTE :<\/p>\n<ul>\n<li>Le patient d&rsquo;abord<\/li>\n<li>R\u00e9volutionner la m\u00e9decine humanitaire<\/li>\n<li>Responsabilit\u00e9 et libert\u00e9<\/li>\n<li>Am\u00e9liorer la qualit\u00e9 de nos actions<\/li>\n<li>Faire confiance<\/li>\n<li>L&rsquo;intelligence collective<\/li>\n<li>La responsabilit\u00e9 environnementale<\/li>\n<\/ul>\n<p><strong>SOIGNER &#8211; INNOVER \u2013 ENSEMBLE :<\/strong>\u00a0Depuis sa cr\u00e9ation en 2009, ALIMA a soign\u00e9 plus de 13 millions de patients dans 15 pays, et d\u00e9ploie aujourd&rsquo;hui ses op\u00e9rations dans 12 pays d&rsquo;Afrique et Ha\u00efti. En 2022, nous avons d\u00e9velopp\u00e9 62 projets de r\u00e9ponse m\u00e9dicale humanitaire pour r\u00e9pondre aux besoins de populations touch\u00e9es par les conflits, les \u00e9pid\u00e9mies et l&rsquo;extr\u00eame pauvret\u00e9. L&rsquo;ensemble de ces projets se fait en appui aux autorit\u00e9s sanitaires nationales \u00e0 travers pr\u00e8s de 511 structures de sant\u00e9. Nous travaillons en partenariat, notamment avec des ONG locales, d\u00e8s que cela est possible afin de nous assurer que nos patients b\u00e9n\u00e9ficient de l&rsquo;expertise, que ce soit au niveau de leur pays ou du reste du monde. Par ailleurs, pour am\u00e9liorer la r\u00e9ponse humanitaire, nous menons des projets de recherche op\u00e9rationnelle et clinique, particuli\u00e8rement pour lutter contre la malnutrition et les fi\u00e8vres h\u00e9morragiques virales.<\/p>\n<p><strong>L&rsquo;\u00c9QUIPE ALIMA :<\/strong>\u00a0plus de 2000 personnes \u0153uvrent actuellement pour ALIMA. Les \u00e9quipes terrain, au plus proche des patients, re\u00e7oivent leur support des \u00e9quipes de coordination g\u00e9n\u00e9ralement bas\u00e9es en capitale des pays d&rsquo;intervention. Celles-ci re\u00e7oivent le support des 4 \u00e9quipes desk et de l&rsquo;\u00e9quipe du service urgences et ouvertures bas\u00e9es au si\u00e8ge op\u00e9rationnel de Dakar, S\u00e9n\u00e9gal. Les \u00e9quipes de Paris et New York travaillent activement \u00e0 la collecte de fonds ainsi qu&rsquo;\u00e0 la repr\u00e9sentation d&rsquo;ALIMA. Le reste de la Galaxie ALIMA comprend des individus et des \u00e9quipes partenaires qui travaillent pour le compte d&rsquo;autres organisations telles que les ONG m\u00e9dicales BEFEN, ALERTE Sant\u00e9, SOS M\u00e9decins \/ KEOOGO, AMCP, les organismes de recherche PACCI, INSERM, les Universit\u00e9s de Bordeaux ou de Copenhague, l&rsquo;ONG Solidarit\u00e9s International et bien d&rsquo;autres.<\/p>\n<p><strong>NOS TH\u00c9MATIQUES PROJET :<\/strong>\u00a0Malnutrition, Sant\u00e9 sexuelle et reproductive incluant les violences bas\u00e9es sur le genre, Sant\u00e9 primaire et secondaire, P\u00e9diatrie, Paludisme, \u00c9pid\u00e9mies (Fi\u00e8vres h\u00e9morragiques, m\u00e9ningite, Chol\u00e9ra, Rougeole, Dengue, Covid-19).<\/p>\n<p><strong>NOS PAYS D&rsquo;INTERVENTION :<\/strong>\u00a0Mali, Burkina Faso, R\u00e9publique Centrafricaine, Nigeria, Niger, Tchad, R\u00e9publique D\u00e9mocratique du Congo, Ha\u00efti, Cameroun, Guin\u00e9e, Soudan du Sud, Mauritanie, \u00c9thiopie, Soudan.<\/p>\n<p>ALIMA promeut et d\u00e9fend les principes des droits humains fondamentaux. ALIMA a une approche de tol\u00e9rance z\u00e9ro envers les personnes coupables d&rsquo;actes de violences sexistes et sexuelles ainsi qu&rsquo;envers l&rsquo;inaction face \u00e0 des faits de violence suppos\u00e9s ou av\u00e9r\u00e9s. La protection des personnes b\u00e9n\u00e9ficiant et impact\u00e9es par notre intervention est notre priorit\u00e9 absolue dans tout ce que nous faisons. Toute personne collaborant avec ALIMA s&rsquo;engage \u00e0 :<\/p>\n<ul>\n<li>Respecter la charte, le code de conduite, les politiques institutionnelles incluant la politique de protection contre les abus de pouvoir et les violences sexistes et sexuelles, la politique de pr\u00e9vention de la corruption et de la fraude ;<\/li>\n<li>Signaler toute violation aux politiques, documents cadre et proc\u00e9dures \u00e0 un\u00b7e sup\u00e9rieur\u00b7e, un\u00b7e r\u00e9f\u00e9rent\u00b7e.<\/li>\n<\/ul>\n<h2>Projet INI \u2014 Int\u00e9gration Nutrition\u2013Vaccination<\/h2>\n<p>Le projet Int\u00e9gration Nutrition\u2013Vaccination (INI), qui sera mis en \u0153uvre dans 2 pays, la R\u00e9publique D\u00e9mocratique du Congo et le Niger, pour une dur\u00e9e de 3 ans, vise \u00e0 r\u00e9pondre simultan\u00e9ment \u00e0 deux des principales causes de mortalit\u00e9 infantile en Afrique subsaharienne : la malnutrition et les maladies infectieuses. Ces deux probl\u00e9matiques s&rsquo;alimentent mutuellement : la malnutrition augmente la vuln\u00e9rabilit\u00e9 aux infections, tandis que les maladies infectieuses aggravent l&rsquo;\u00e9tat nutritionnel des enfants, cr\u00e9ant un cercle vicieux qui compromet leur survie et leur d\u00e9veloppement.<\/p>\n<p>Pour rompre ce cycle, l&rsquo;approche INI int\u00e8gre la distribution de suppl\u00e9ments nutritionnels lipidiques pr\u00e9ventifs en petites quantit\u00e9s (SQ-LNS) aux services de vaccination de routine destin\u00e9s aux enfants \u00e2g\u00e9s de 6 \u00e0 23 mois. Cette strat\u00e9gie permet de renforcer simultan\u00e9ment la nutrition infantile, d&rsquo;am\u00e9liorer la couverture vaccinale et de r\u00e9duire la mortalit\u00e9 gr\u00e2ce \u00e0 une plateforme de prestation unique et plus accessible aux familles.<\/p>\n<p>Les SQ-LNS sont des suppl\u00e9ments nutritionnels pr\u00eats \u00e0 l&#8217;emploi dont l&rsquo;efficacit\u00e9 est largement d\u00e9montr\u00e9e. Ils contribuent \u00e0 r\u00e9duire la mortalit\u00e9 infantile, l&rsquo;an\u00e9mie, l&rsquo;\u00e9maciation, le retard de croissance et les retards de d\u00e9veloppement. Leur utilisation est recommand\u00e9e par l&rsquo;Organisation mondiale de la Sant\u00e9 dans les contextes d&rsquo;ins\u00e9curit\u00e9 alimentaire.<\/p>\n<p>L&rsquo;approche INI s&rsquo;appuie \u00e9galement sur des r\u00e9sultats encourageants issus d&rsquo;essais men\u00e9s en Afrique. L&rsquo;\u00e9tude NutriVax au Nigeria a montr\u00e9 qu&rsquo;associer les SQ-LNS \u00e0 la vaccination de routine augmentait significativement la couverture vaccinale contre la rougeole et r\u00e9duisait le nombre d&rsquo;enfants n&rsquo;ayant re\u00e7u aucune dose de vaccin (z\u00e9ro-dose). Des r\u00e9sultats prometteurs sont \u00e9galement observ\u00e9s dans les essais en cours au Tchad et au Niger.<\/p>\n<p>Dans ce contexte, la Fondation Gates soutient ce nouveau projet pour une mise \u00e0 l&rsquo;\u00e9chelle op\u00e9rationnelle de la strat\u00e9gie INI en R\u00e9publique D\u00e9mocratique du Congo et au Niger, afin d&rsquo;\u00e9valuer l&rsquo;impact de cette approche int\u00e9gr\u00e9e sur la couverture vaccinale et la sant\u00e9 des enfants. Le projet accompagne les gouvernements dans la mise en \u0153uvre de mod\u00e8les de prestation int\u00e9gr\u00e9s, adapt\u00e9s aux priorit\u00e9s nationales, afin de renforcer durablement les programmes de nutrition et de vaccination et d&rsquo;am\u00e9liorer la survie et le d\u00e9veloppement des jeunes enfants.<\/p>\n<p><strong>Objectif g\u00e9n\u00e9ral :<\/strong>\u00a0r\u00e9duire la mortalit\u00e9 et la morbidit\u00e9 infantile en int\u00e9grant les activit\u00e9s de nutrition et de vaccination afin d&rsquo;am\u00e9liorer la couverture vaccinale et l&rsquo;\u00e9tat nutritionnel des enfants \u00e2g\u00e9s de 6 \u00e0 23 mois.<\/p>\n<p><strong>Objectifs sp\u00e9cifiques :<\/strong><\/p>\n<ul>\n<li>L&rsquo;administration conjointe de la strat\u00e9gie SQ-LNS et des vaccinations de routine afin d&rsquo;obtenir un double impact sur la sant\u00e9 : une r\u00e9duction de la malnutrition et une augmentation de la couverture vaccinale.<\/li>\n<li>Mettre en place un mod\u00e8le op\u00e9rationnel et financier \u00e9volutif pouvant \u00eatre reproduit dans d&rsquo;autres r\u00e9gions.<\/li>\n<li>Renforcer l&rsquo;appropriation et le cofinancement par le gouvernement, afin de permettre une extension sans le soutien d&rsquo;acteurs externes.<\/li>\n<li>\u00c9laborer une feuille de route pour la production locale ou r\u00e9gionale de SQ-LNS.<\/li>\n<\/ul>\n<p>Ce programme vise \u00e0 atteindre environ 175 000 enfants au Niger et 185 000 enfants en RDC sur trois ans (360 000 enfants au total).<\/p>\n<h2>RESPONSABLE PROJET INI \u2014 SI\u00c8GE DAKAR<\/h2>\n<p><strong>LIEU DU POSTE<\/strong><\/p>\n<p>Bas\u00e9 \u00e0 Dakar, S\u00e9n\u00e9gal, avec visites r\u00e9guli\u00e8res en R\u00e9publique D\u00e9mocratique du Congo et au Niger (2 \u00e0 3 fois par an).<\/p>\n<p><strong>LIENS FONCTIONNELS ET HI\u00c9RARCHIQUES<\/strong><\/p>\n<ul>\n<li>Il\/elle est sous la responsabilit\u00e9 manag\u00e9riale du\/de la Responsable du desk 1, et sous la responsabilit\u00e9 fonctionnelle du\/de la R\u00e9f\u00e9rent\u00b7e Nutrition.<\/li>\n<li>Il\/elle travaille avec l&rsquo;ensemble des membres du desk 1 et collabore avec les services du si\u00e8ge.<\/li>\n<\/ul>\n<p><strong>MISSION ET ACTIVIT\u00c9S PRINCIPALES<\/strong><\/p>\n<p>Plac\u00e9\u00b7e sous la supervision du\/de la responsable du desk 1 et du\/de la r\u00e9f\u00e9rent\u00b7e Nutrition, le\/la responsable du projet INI, bas\u00e9\u00b7e \u00e0 Dakar, est responsable de la mise en \u0153uvre globale du projet aux niveaux op\u00e9rationnel, financier et scientifique.<\/p>\n<ul>\n<li>Il\/elle est le\/la repr\u00e9sentant\u00b7e du projet INI aupr\u00e8s du bailleur et des partenaires nationaux, r\u00e9gionaux et internationaux.<\/li>\n<li>Il\/elle supervise l&rsquo;\u00e9quipe de coordination du projet, qui comprend 3 personnes (un\u00b7e charg\u00e9\u00b7e administratif et financier, un\u00b7e charg\u00e9\u00b7e de suivi et \u00e9valuation, un\u00b7e superviseur\u00b7e logistique),\u00a0 ainsi que les \u00e9quipes d&rsquo;impl\u00e9mentation terrain (1 Coordonnateur projet\u00a0<strong>dans les 2 pays d&rsquo;intervention<\/strong>) en lien avec les chefs de mission.<\/li>\n<li>Il\/elle est responsable du pilotage global du projet. Il\/elle coordonne le d\u00e9veloppement des plans d&rsquo;action \u00e0 l&rsquo;\u00e9chelle du projet dans les 2 pays, pr\u00e9cisant notamment les responsabilit\u00e9s pour chaque membre des \u00e9quipes du projet et pour chaque partenaire du projet.<\/li>\n<li>Il\/elle est responsable du suivi de la mise en \u0153uvre du projet, y compris des activit\u00e9s dans les pays. En particulier, il\/elle s&rsquo;assurera de la r\u00e9alisation des objectifs selon les d\u00e9lais d\u00e9finis contractuellement avec le bailleur. Il\/elle sera \u00e9galement responsable de la mise en place de m\u00e9canismes permettant de suivre et d&rsquo;assurer la qualit\u00e9 des livrables. Il\/elle sera responsable du pilotage budg\u00e9taire du projet et assurera la reprogrammation op\u00e9rationnelle et budg\u00e9taire r\u00e9guli\u00e8re en fonction des besoins et des r\u00e9sultats, en particulier de l&rsquo;\u00e9valuation des interventions.<\/li>\n<li>Il\/elle coordonne l&rsquo;\u00e9laboration et la mise en \u0153uvre de la strat\u00e9gie de documentation et de diss\u00e9mination des r\u00e9sultats et enseignements du projet, et plus largement, de la strat\u00e9gie de plaidoyer au niveau global et national et envers les bailleurs de fonds internationaux identifi\u00e9s pour financer la mise \u00e0 l&rsquo;\u00e9chelle et la transition de ce projet.<\/li>\n<li>Il\/elle assure la coordination aupr\u00e8s du\/de la r\u00e9f\u00e9rent\u00b7e Nutrition, organise et m\u00e8ne les r\u00e9unions de coordination, et assure le partage des informations et des enseignements du projet.<\/li>\n<li>Il\/elle s&rsquo;assure de la contractualisation entre ALIMA et les partenaires de mise en \u0153uvre (partenaires, autorit\u00e9s sanitaires\u2026).<\/li>\n<li>Il\/elle est le point focal au si\u00e8ge de Dakar.<\/li>\n<\/ul>\n<p class=\"lead\">\n<\/div>\n<\/div>\n<\/div>\n<\/section>\n<section class=\"s_comparisons pt24 pb24 bg-200 o_colored_level\" data-snippet=\"s_comparisons\" data-name=\"Comparaisons\">\n<div class=\"container\">\n<div class=\"row\">\n<div class=\"col-lg-4 s_col_no_bgcolor pt16 pb16\" data-name=\"Box\">\n<div class=\"card text-bg-primary\">\n<h4 class=\"card-header\">Exp\u00e9riences &amp; Comp\u00e9tences<\/h4>\n<ul class=\"list-group list-group-flush\">\n<li class=\"oe-nested\">\n<ul>\n<li>Exp\u00e9rience d\u00e9montr\u00e9e en tant que coordinateur\u00b7rice projet d&rsquo;au moins 5 ans dans des pays \u00e0 faible revenu.<\/li>\n<li>Exp\u00e9rience d\u00e9montr\u00e9e dans le domaine de la nutrition, et plus sp\u00e9cifiquement avec des programmes SQ-LNS et\/ou de traitement avec les aliments th\u00e9rapeutiques pr\u00eats \u00e0 l&#8217;emploi.<\/li>\n<li>Formation sup\u00e9rieure (Niveau Master 2) en gestion, sant\u00e9 publique, sciences politiques, d\u00e9veloppement, \u00e9cole de commerce, ou dipl\u00f4me \u00e9quivalent.<\/li>\n<li>Exp\u00e9rience similaire de coordination sur un projet de mise \u00e0 l&rsquo;\u00e9chelle ou un projet de sant\u00e9 publique complexe.<\/li>\n<li>Exp\u00e9rience dans la mise en \u0153uvre de projets avec les autorit\u00e9s sanitaires (appui technique aux activit\u00e9s nutrition et vaccination).<\/li>\n<li>Comp\u00e9tences et connaissance des proc\u00e9dures d&rsquo;un bailleur international.<\/li>\n<\/ul>\n<\/li>\n<li><em>Qualit\u00e9s requises<\/em><\/li>\n<li class=\"oe-nested\">\n<ul>\n<li>Capacit\u00e9 \u00e0 travailler en \u00e9quipe, y compris dans des contextes multiculturels.<\/li>\n<li>Capacit\u00e9 de plaidoyer aupr\u00e8s des autorit\u00e9s sanitaires.<\/li>\n<li>Rigueur et respect des d\u00e9lais.<\/li>\n<li>Capacit\u00e9 d&rsquo;analyse et de synth\u00e8se.<\/li>\n<li>Capacit\u00e9 d&rsquo;organisation, autonomie.<\/li>\n<\/ul>\n<\/li>\n<li><em>Langues<\/em><\/li>\n<li class=\"oe-nested\">\n<ul>\n<li>Anglais et fran\u00e7ais courants indispensables.<\/li>\n<\/ul>\n<\/li>\n<\/ul>\n<\/div>\n<\/div>\n<\/div>\n<\/div>\n<\/section>\n<\/div>","protected":false},"excerpt":{"rendered":"<p>Responsable projet INI &#8211; SI\u00c8GE DAKAR &#8211; H\/F PR\u00c9SENTATION ALIMA L&rsquo;ESPRIT ALIMA :\u00a0La raison d&rsquo;\u00eatre d&rsquo;ALIMA est de sauver des vies et de soigner les populations les plus vuln\u00e9rables, sans aucune discrimination identitaire, religieuse ou politique, \u00e0 travers des actions bas\u00e9es sur la proximit\u00e9, l&rsquo;innovation et l&rsquo;alliance d&rsquo;organisations et d&rsquo;individus. Nous agissons avec humanisme, impartialit\u00e9&#8230;<\/p>","protected":false},"author":1,"featured_media":0,"template":"","meta":{"_kad_post_transparent":"default","_kad_post_title":"default","_kad_post_layout":"default","_kad_post_sidebar_id":"","_kad_post_content_style":"default","_kad_post_vertical_padding":"default","_kad_post_feature":"","_kad_post_feature_position":"","_kad_post_header":false,"_kad_post_footer":false,"_kad_post_classname":"","_hh_deadline":"","_hh_apply_url":"https:\/\/alliance.alima.ngo\/jobs\/responsable-projet-ini-siege-dakar-h-f-521","_hh_apply_email":"","_hh_salary_min":0,"_hh_salary_max":0,"_hh_salary_currency":"EUR","_hh_salary_period":"month","_hh_remote":"no","_hh_start_date":"","_hh_views":127,"_hh_reliefweb_id":"","_hh_source":"","_hh_source_url":"","_hh_organisation":"","_hh_city":"","_hh_country_raw":""},"secteur":[],"pays_mission":[32],"ville_mission":[],"type_contrat":[],"niveau_experience":[],"type_organisation":[],"organisation":[197],"class_list":["post-15335","hh_job","type-hh_job","status-publish","hentry","pays_mission-senegal","organisation-alima"],"jetpack_sharing_enabled":true,"_links":{"self":[{"href":"https:\/\/humanitairehub.com\/en\/wp-json\/wp\/v2\/hh_job\/15335","targetHints":{"allow":["GET"]}}],"collection":[{"href":"https:\/\/humanitairehub.com\/en\/wp-json\/wp\/v2\/hh_job"}],"about":[{"href":"https:\/\/humanitairehub.com\/en\/wp-json\/wp\/v2\/types\/hh_job"}],"author":[{"embeddable":true,"href":"https:\/\/humanitairehub.com\/en\/wp-json\/wp\/v2\/users\/1"}],"wp:attachment":[{"href":"https:\/\/humanitairehub.com\/en\/wp-json\/wp\/v2\/media?parent=15335"}],"wp:term":[{"taxonomy":"secteur","embeddable":true,"href":"https:\/\/humanitairehub.com\/en\/wp-json\/wp\/v2\/secteur?post=15335"},{"taxonomy":"pays_mission","embeddable":true,"href":"https:\/\/humanitairehub.com\/en\/wp-json\/wp\/v2\/pays_mission?post=15335"},{"taxonomy":"ville_mission","embeddable":true,"href":"https:\/\/humanitairehub.com\/en\/wp-json\/wp\/v2\/ville_mission?post=15335"},{"taxonomy":"type_contrat","embeddable":true,"href":"https:\/\/humanitairehub.com\/en\/wp-json\/wp\/v2\/type_contrat?post=15335"},{"taxonomy":"niveau_experience","embeddable":true,"href":"https:\/\/humanitairehub.com\/en\/wp-json\/wp\/v2\/niveau_experience?post=15335"},{"taxonomy":"type_organisation","embeddable":true,"href":"https:\/\/humanitairehub.com\/en\/wp-json\/wp\/v2\/type_organisation?post=15335"},{"taxonomy":"organisation","embeddable":true,"href":"https:\/\/humanitairehub.com\/en\/wp-json\/wp\/v2\/organisation?post=15335"}],"curies":[{"name":"wp","href":"https:\/\/api.w.org\/{rel}","templated":true}]}}