{"id":15350,"date":"2026-09-04T12:35:58","date_gmt":"2026-09-04T12:35:58","guid":{"rendered":"https:\/\/humanitairehub.com\/?post_type=hh_job&#038;p=15350"},"modified":"2026-09-04T12:36:20","modified_gmt":"2026-09-04T12:36:20","slug":"responsables-promotion-de-la-sante-experience-ebola","status":"publish","type":"hh_job","link":"https:\/\/humanitairehub.com\/en\/emploi\/responsables-promotion-de-la-sante-experience-ebola\/","title":{"rendered":"Responsables Promotion de la Sant\u00e9 (Exp\u00e9rience Ebola)"},"content":{"rendered":"<header class=\"rw-article__header rw-article__header--with-meta\">\n<h1 class=\"rw-article__title rw-page-title\">Responsables Promotion de la Sant\u00e9 (Exp\u00e9rience Ebola)<\/h1>\n<dl class=\"rw-meta rw-article-meta rw-entity-meta rw-entity-meta--core\">\n<dt class=\"rw-entity-meta__tag-label rw-entity-meta__tag-label--source\">Organization : <span style=\"font-weight: 400;\">M\u00e9decins Sans Fronti\u00e8res en Suisse<\/span><\/dt>\n<dt class=\"rw-entity-meta__tag-label rw-entity-meta__tag-label--posted\">Posted : <time datetime=\"2026-09-04T09:03:22+00:00\">4 Sep 2026<\/time><\/dt>\n<dt class=\"rw-entity-meta__tag-label rw-entity-meta__tag-label--closing\">Closing date : <time datetime=\"2026-09-19T00:00:00+00:00\">18 Sep 2026<\/time><\/dt>\n<\/dl>\n<\/header>\n<div class=\"rw-article__content\">\n<p>Responsables Promotion de la Sant\u00e9 (Exp\u00e9rience Ebola)<\/p>\n<p>Pays: RDC<\/p>\n<p>Entr\u00e9e en fonction: Plusieurs rotations<\/p>\n<p>Dur\u00e9e: Rotation de 6 semaines + 3 semaines de suivi<\/p>\n<p>Contexte\/ Sp\u00e9cificit\u00e9s du projet<\/p>\n<p>Depuis plusieurs semaines, l&rsquo;\u00e9pid\u00e9mie d&rsquo;Ebola en R\u00e9publique d\u00e9mocratique du Congo conna\u00eet une propagation rapide, y compris vers de nouvelles zones de sant\u00e9, dans un contexte marqu\u00e9 par des d\u00e9fis s\u00e9curitaires et des difficult\u00e9s d&rsquo;acc\u00e8s aux populations. Cette \u00e9volution complexifie les activit\u00e9s de d\u00e9tection, de suivi des cas et de prise en charge m\u00e9dicale, n\u00e9cessitant un renforcement continu des capacit\u00e9s de r\u00e9ponse sur le terrain.<\/p>\n<p>Dans ce contexte, MSF Suisse d\u00e9ploie et renforce ses \u00e9quipes afin de contribuer aux activit\u00e9s de surveillance, de pr\u00e9vention et de prise en charge des patients dans les zones affect\u00e9es.<\/p>\n<p>Dans le cadre de cette r\u00e9ponse, nous recherchons des profils exp\u00e9riment\u00e9\u00b7e\u00b7s en Promotion de la Sant\u00e9 en contexte humanitaire et avec une ou plusieurs exp\u00e9riences sp\u00e9cifiques sur des r\u00e9ponses \u00e0 l&rsquo;\u00e9pid\u00e9mie d&rsquo;Ebola.<\/p>\n<p><strong>Cette ouverture concerne des postes internationaux. Pour les candidatures locales, merci de vous rapprocher directement des bureaux MSF en RDC.<\/strong><\/p>\n<p>Responsabilit\u00e9s<\/p>\n<p>En tant que Responsable de la promotion de la sant\u00e9 et de l&rsquo;engagement communautaire (HPCE), vos responsabilit\u00e9s principales sont les suivantes :<\/p>\n<ul>\n<li>\u00catre le garant de de la conception\/du d\u00e9veloppement d&rsquo;une strat\u00e9gie, d&rsquo;activit\u00e9s, d&rsquo;outils et d&rsquo;un syst\u00e8me de suivi HPCE r\u00e9guli\u00e8rement mis \u00e0 jour.<\/li>\n<li>Garantir la mise en oeuvre d\u2019approches participatives et la consultation des patient\u00b7e\u00b7s et de la communaut\u00e9 avant et pendant la mise en \u0153uvre de la strat\u00e9gie HPCE<\/li>\n<li>Veiller \u00e0 ce que le processus appropri\u00e9 soit suivi pour la conception du mat\u00e9riel d&rsquo;\u00e9ducation \u00e0 la sant\u00e9 et des m\u00e9thodes participatives (pr\u00e9-test, validation du contenu, traduction)<\/li>\n<li>Apporter une contribution technique et un soutien \u00e0 l&rsquo;analyse de la situation (\u00e9valuations rapides\/enqu\u00eates\/suivi des rumeurs et de l&rsquo;opinion) et veiller \u00e0 ce que l&rsquo;\u00e9quipe de projet re\u00e7oive un rapport final et un retour d&rsquo;information<\/li>\n<li>Superviser la mise en \u0153uvre de la surveillance communautaire (collecte de donn\u00e9es, recherche active de cas, liaison avec les soins de sant\u00e9, tra\u00e7age)<\/li>\n<li>Contribuer \u00e0 la mise \u00e0 jour de la cartographie communautaire<\/li>\n<li>Suivre le plan de d\u00e9veloppement de l&rsquo;\u00e9quipe HPCE, bas\u00e9 sur l&rsquo;\u00e9valuation des besoins, ainsi que du suivi du d\u00e9veloppement des capacit\u00e9s par la formation, le coaching et les \u00e9v\u00e9nements de la communaut\u00e9 de pratique<\/li>\n<\/ul>\n<p>En fonction des activit\u00e9s et des besoins, votre niveau de responsabilit\u00e9 pourra \u00eatre adapt\u00e9 et \u00e9voluer selon les sp\u00e9cificit\u00e9s de chaque projet et la composition de l\u2019\u00e9quipe terrain. Vous ne serez pas seul\u00b7e \u00e0 relever ces d\u00e9fis. D&rsquo;autres membres du personnel de MSF (\u00e9quipes internationales et locales) vous apporteront un soutien.<\/p>\n<p>Nous encourageons les candidatures de personnes de tous les sexes, \u00e2ges, orientations sexuelles, origines, religions, croyances, aptitudes et toutes les autres caract\u00e9ristiques de diversit\u00e9.<\/p>\n<p>MSF ne tol\u00e8re ni l&rsquo;exploitation et les abus sexuels, ni aucune autre forme de discrimination ou de harc\u00e8lement, y compris le harc\u00e8lement sexuel. Toutes les personnes s\u00e9lectionn\u00e9es seront donc soumises \u00e0 une v\u00e9rification de leurs r\u00e9f\u00e9rences et de leur casier judiciaire.<\/p>\n<p>Profil requis<\/p>\n<ul>\n<li>Licence en sciences sociales, sciences comportementales, sant\u00e9 publique, orientation promotion de la sant\u00e9 \/ sant\u00e9 communautaire (ou dipl\u00f4me d&rsquo;infirmier en sant\u00e9 communautaire), ou exp\u00e9rience \u00e9quivalente pertinente<\/li>\n<li>Deux ans d&rsquo;exp\u00e9rience professionnelle dans des postes similaires (promotion de la sant\u00e9 et engagement communautaire)<\/li>\n<li>Exp\u00e9rience sur une r\u00e9ponse \u00e9pid\u00e9mique au virus Ebola ou autre virus \u00e0 fi\u00e8vre h\u00e9morragique<\/li>\n<li>Exp\u00e9rience dans la conception, la mise en \u0153uvre et le suivi de strat\u00e9gies<\/li>\n<li>Exp\u00e9rience dans l&rsquo;utilisation de m\u00e9thodologies qualitatives<\/li>\n<li>Exp\u00e9rience en gestion d\u2019\u00e9quipe<\/li>\n<li>Ma\u00eetrise du Fran\u00e7ais<\/li>\n<li>Bon esprit d&rsquo;\u00e9quipe, capacit\u00e9 \u00e0 travailler en \u00e9quipe pluridisciplinaire<\/li>\n<li>Flexibilit\u00e9 et r\u00e9sistance au stress<\/li>\n<li>Comportement responsable contribuant \u00e0 la s\u00e9curit\u00e9 et l\u2019int\u00e9grit\u00e9 de toutes et tous &#8211; pr\u00e9venir, signaler et refuser tout comportement abusif et\/ou contraire aux valeurs de MSF<\/li>\n<li>Disponibilit\u00e9 pour une rotation de 6 semaines + 3 semaines de suivi<\/li>\n<\/ul>\n<p>Atouts<\/p>\n<ul>\n<li>Une exp\u00e9rience terrain avec MSF<\/li>\n<\/ul>\n<p>MSF offre<\/p>\n<ul>\n<li>Exp\u00e9rience professionnelle unique et vari\u00e9e o\u00f9 vos comp\u00e9tences font la diff\u00e9rence<\/li>\n<li>Cours pr\u00e9paratoire et briefing au sujet du projet identifi\u00e9<\/li>\n<li>Contrat pour la dur\u00e9e de la mission<\/li>\n<li>Salaire mensuel selon la grille de salaire MSF (selon exp\u00e9rience professionnelle et pays de r\u00e9sidence)<\/li>\n<li>Couverture assurances incl. rapatriement<\/li>\n<li>Logement et repas fournis<\/li>\n<li>Frais de transport, visa et vaccins couverts<\/li>\n<li>Per diem sur place<\/li>\n<li>Support psychosocial avant, pendant et apr\u00e8s mission<\/li>\n<li>D\u00e9part non accompagn\u00e9 (pas de partenaire, ni famille)<\/li>\n<\/ul>\n<p>Sur MSF<\/p>\n<ul>\n<li>MSF est un employeur garantissant l\u2019\u00e9galit\u00e9 des chances et ne facture aucun frais de candidature, de recrutement ou de formation. MSF Suisse accueille les candidatures de personnes de toutes orientations sexuelles et identit\u00e9s de genre et encourage particuli\u00e8rement les femmes \u00e0 postuler.<\/li>\n<li>La protection de vos donn\u00e9es personnelles est importante pour MSF. En soumettant votre candidature, vous autorisez MSF \u00e0 utiliser vos donn\u00e9es personnelles exclusivement dans le cadre du processus de recrutement (notamment pour recevoir les informations et documents n\u00e9cessaires au traitement de votre candidature, \u00e9valuer les profils et s\u00e9lectionner le ou la candidat\u00b7e le\/la plus adapt\u00e9\u00b7e au poste). Vos donn\u00e9es personnelles seront trait\u00e9es de mani\u00e8re confidentielle et ne seront utilis\u00e9es \u00e0 aucune autre fin que celles li\u00e9es \u00e0 ce recrutement.<\/li>\n<\/ul>\n<section class=\"rw-how-to-apply\">\n<h2 class=\"rw-how-to-apply__title\">How to apply<\/h2>\n<ul>\n<li>Les candidat\u00b7es int\u00e9ress\u00e9\u00b7es doivent compl\u00e9ter leur candidature en suivant le lien ci-dessous :<\/li>\n<\/ul>\n<p><strong>D\u00e9lai de postulation : avant le 18\/09\/2026.<\/strong><\/p>\n<p><strong>Les candidatures seront trait\u00e9es en confidentialit\u00e9.<\/strong><\/p>\n<p>Seul.es les candidat.es pr\u00e9-selectionn\u00e9.es seront contact\u00e9.es.<\/p>\n<p>Merci d&rsquo;inclure :<\/p>\n<ul>\n<li>CV, maximum 2 pages.<\/li>\n<li>Lettre de motivation, maximum 1 page.<\/li>\n<\/ul>\n<\/section>\n<\/div>","protected":false},"excerpt":{"rendered":"<p>Responsables Promotion de la Sant\u00e9 (Exp\u00e9rience Ebola) Organization : M\u00e9decins Sans Fronti\u00e8res en Suisse Posted : 4 Sep 2026 Closing date : 18 Sep 2026 Responsables Promotion de la Sant\u00e9 (Exp\u00e9rience Ebola) Pays: RDC Entr\u00e9e en fonction: Plusieurs rotations Dur\u00e9e: Rotation de 6 semaines + 3 semaines de suivi Contexte\/ Sp\u00e9cificit\u00e9s du projet Depuis plusieurs&#8230;<\/p>","protected":false},"author":1,"featured_media":0,"template":"","meta":{"_kad_post_transparent":"default","_kad_post_title":"default","_kad_post_layout":"default","_kad_post_sidebar_id":"","_kad_post_content_style":"default","_kad_post_vertical_padding":"default","_kad_post_feature":"","_kad_post_feature_position":"","_kad_post_header":false,"_kad_post_footer":false,"_kad_post_classname":"","_hh_deadline":"2026-09-18","_hh_apply_url":"https:\/\/msfsuisse-career.talent-soft.com\/Pages\/Offre\/detailoffre.aspx?idOffre=310&idOrigine=502&LCID=1036**](https:\/\/msfsuisse-career.talent-soft.com\/Pages\/Offre\/detailoffre.aspx?idOffre=310&idOrigine=502&LCID=1036)","_hh_apply_email":"","_hh_salary_min":0,"_hh_salary_max":0,"_hh_salary_currency":"EUR","_hh_salary_period":"month","_hh_remote":"no","_hh_start_date":"","_hh_views":126,"_hh_reliefweb_id":"","_hh_source":"","_hh_source_url":"","_hh_organisation":"","_hh_city":"","_hh_country_raw":""},"secteur":[],"pays_mission":[44],"ville_mission":[],"type_contrat":[],"niveau_experience":[],"type_organisation":[],"organisation":[109],"class_list":["post-15350","hh_job","type-hh_job","status-publish","hentry","pays_mission-rdc","organisation-msf"],"jetpack_sharing_enabled":true,"_links":{"self":[{"href":"https:\/\/humanitairehub.com\/en\/wp-json\/wp\/v2\/hh_job\/15350","targetHints":{"allow":["GET"]}}],"collection":[{"href":"https:\/\/humanitairehub.com\/en\/wp-json\/wp\/v2\/hh_job"}],"about":[{"href":"https:\/\/humanitairehub.com\/en\/wp-json\/wp\/v2\/types\/hh_job"}],"author":[{"embeddable":true,"href":"https:\/\/humanitairehub.com\/en\/wp-json\/wp\/v2\/users\/1"}],"wp:attachment":[{"href":"https:\/\/humanitairehub.com\/en\/wp-json\/wp\/v2\/media?parent=15350"}],"wp:term":[{"taxonomy":"secteur","embeddable":true,"href":"https:\/\/humanitairehub.com\/en\/wp-json\/wp\/v2\/secteur?post=15350"},{"taxonomy":"pays_mission","embeddable":true,"href":"https:\/\/humanitairehub.com\/en\/wp-json\/wp\/v2\/pays_mission?post=15350"},{"taxonomy":"ville_mission","embeddable":true,"href":"https:\/\/humanitairehub.com\/en\/wp-json\/wp\/v2\/ville_mission?post=15350"},{"taxonomy":"type_contrat","embeddable":true,"href":"https:\/\/humanitairehub.com\/en\/wp-json\/wp\/v2\/type_contrat?post=15350"},{"taxonomy":"niveau_experience","embeddable":true,"href":"https:\/\/humanitairehub.com\/en\/wp-json\/wp\/v2\/niveau_experience?post=15350"},{"taxonomy":"type_organisation","embeddable":true,"href":"https:\/\/humanitairehub.com\/en\/wp-json\/wp\/v2\/type_organisation?post=15350"},{"taxonomy":"organisation","embeddable":true,"href":"https:\/\/humanitairehub.com\/en\/wp-json\/wp\/v2\/organisation?post=15350"}],"curies":[{"name":"wp","href":"https:\/\/api.w.org\/{rel}","templated":true}]}}