{"id":15355,"date":"2026-09-05T11:17:18","date_gmt":"2026-09-05T11:17:18","guid":{"rendered":"https:\/\/humanitairehub.com\/?post_type=hh_job&#038;p=15355"},"modified":"2026-09-05T11:17:18","modified_gmt":"2026-09-05T11:17:18","slug":"responsable-meal-pays-rdc","status":"publish","type":"hh_job","link":"https:\/\/humanitairehub.com\/en\/emploi\/responsable-meal-pays-rdc\/","title":{"rendered":"Responsable MEAL Pays \/ RDC"},"content":{"rendered":"<div class=\"wordpress-article-content font-serif text-[16px] leading-[1.7] text-gray-800\">\n<h2><strong>Responsable MEAL Pays \/ RDC<\/strong><\/h2>\n<p>Acted est une\u00a0ONG\u00a0de solidarit\u00e9 internationale, cr\u00e9\u00e9e en 1993. Son si\u00e8ge est situ\u00e9 \u00e0 Paris. Acted poursuit un triple mandat en tant qu\u2019acteur de l\u2019aide humanitaire, de l\u2019environnement et du d\u00e9veloppement.<\/p>\n<p><strong>R\u00f4le et responsabilit\u00e9s principales<\/strong><br \/>\nLe\/la responsable pays Enqu\u00eates, Suivi, Contr\u00f4le et \u00c9valuation est responsable de l\u2019\u00e9laboration du d\u00e9veloppement et de la mise en \u0153uvre d\u2019un syst\u00e8me d\u2019enqu\u00eates, de suivi, de contr\u00f4le et d\u2019\u00e9valuation appropri\u00e9 et viable en ligne avec les proc\u00e9dures MEAL (Monitoring, Evaluation, Accountability and Learning) de la strat\u00e9gie globale d\u2019Acted et s\u2019assure que les projets et programmes d\u2019Acted sont r\u00e9alis\u00e9s tels que planifi\u00e9s.<\/p>\n<p><strong>Responsabilit\u00e9s principales :<\/strong><\/p>\n<p>1. Coordination des activit\u00e9s REPAS<\/p>\n<p>2. Gestion du d\u00e9partement et de l\u2019\u00e9quipe MEAL<\/p>\n<\/div>\n<aside class=\"ad-slot   my-10\" aria-label=\"PUBLICITE : ARTICLE_MID_BODY\" data-ad-placement=\"ARTICLE_MID_BODY\" data-ad-state=\"loaded\"><ins id=\"yop-ad-article-mid-body-r2\" class=\"adsbygoogle block\" data-ad-client=\"ca-pub-4950318892215980\" data-ad-slot=\"3389006900\" data-ad-format=\"auto\" data-full-width-responsive=\"true\" data-yop-adsense-requested=\"true\" data-adsbygoogle-status=\"done\" data-ad-status=\"filled\"><\/p>\n<div id=\"aswift_4_host\"><\/div>\n<p><\/ins><\/aside>\n<div class=\"wordpress-article-content font-serif text-[16px] leading-[1.7] text-gray-800\">\n<p>3. Renforcement des comp\u00e9tences et formation<\/p>\n<p>4. D\u00e9veloppement de proc\u00e9dures<\/p>\n<p>5. Capitalisation<\/p>\n<p>6. Mettre en \u0153uvre le m\u00e9canisme de r\u00e9ponse aux plaintes des b\u00e9n\u00e9ficiaires<\/p>\n<p><strong>7. Autres<\/strong><\/p>\n<p><strong>Qualifications et comp\u00e9tences requises<\/strong><br \/>\nDipl\u00f4me Sup\u00e9rieur en Sciences Politiques, Relations Internationales, D\u00e9veloppement International, Economie ou \u00e9quivalent (anthropologie, sociologie, statistiques) ;<br \/>\nAu moins 2 \u00e0 5 ans d\u2019exp\u00e9rience en suivi et \u00e9valuation de projets dans l\u2019humanitaire et\/ou le d\u00e9veloppement ;<br \/>\nExp\u00e9rience en \u00e9valuations participatives et en gestion du cycle de projet ;<br \/>\nExcellent niveau de communication \u00e0 l\u2019\u00e9crit comme \u00e0 l\u2019oral en fran\u00e7ais et en anglais ;<br \/>\nBonnes capacit\u00e9s d\u2019organisation et de communication avec le personnel international et national et les communaut\u00e9s rurales ;<br \/>\nCapacit\u00e9 \u00e0 coordonner et g\u00e9rer une \u00e9quipe ;<br \/>\nTravailler en \u00e9quipe, capacit\u00e9 \u00e0 cr\u00e9er un esprit d\u2019\u00e9quipe et \u00e0 faire monter en comp\u00e9tences ;<br \/>\nFlexibilit\u00e9, capacit\u00e9 d\u2019adaptation, capacit\u00e9 d\u2019organisation, prix d\u2019initiative.<br \/>\nTermes de r\u00e9f\u00e9rence<br \/>\nPour plus d\u2019informations sur le poste, cliquez ici .<\/p>\n<p><strong>Conditions<\/strong><br \/>\nSalaire d\u00e9fini par la grille des salaires Act\u00e9 en fonction du niveau d\u2019\u00e9tudes, de l\u2019expertise, du niveau de s\u00e9curit\u00e9 et du niveau d\u2019exp\u00e9rience : entre 3200 et 3400\u20ac net mensuel (avant imp\u00f4ts sur le revenu)<br \/>\nIndemnit\u00e9 mensuelle de frais de vie 300$<br \/>\nLogement en guesthouse et nourriture pris en charge par Acted<br \/>\nS\u00e9curit\u00e9 sociale, mutuelle (MSH) et assistance rapatriement (SOS International) pris en charge par Acted<br \/>\nTransport vers la mission et billet retour totalement pris en charge tous les 6 mois (vers l\u2019adresse sp\u00e9cifi\u00e9e sur le contrat de travail)<br \/>\nFrais de visa pris en charge par Acted<br \/>\nUne semaine de pr\u00e9paration au d\u00e9part comprenant 4 jours de formation s\u00e9curit\u00e9 en immersion<br \/>\nPossibilit\u00e9 d\u2019avoir un appel de 30minutes avec un.e consultant.e en fiscalit\u00e9<br \/>\nSoutien psychologique (rendez-vous avec un.e professionnel.le)<br \/>\n<strong>Ce poste est class\u00e9 comme un poste international dans la grille de recrutement d\u2019Acted. L\u2019\u00e9ligibilit\u00e9 \u00e0 un contrat international est donc requise.<\/strong><\/p>\n<p><strong>Comment postuler<\/strong><br \/>\nEnvoyez votre candidature (CV et lettre de motivation) par mail (<strong><a href=\"mailto:jobs@acted.org\" target=\"_blank\" rel=\"noopener noreferrer\">jobs@acted.org<\/a><\/strong>), sous r\u00e9f\u00e9rence : MEALM\/RDC<\/p>\n<p>Veuillez noter qu\u2019Acted ne demande des frais \u00e0 aucun stade du processus de recrutement.<\/p>\n<\/div>\n","protected":false},"excerpt":{"rendered":"<p>Responsable MEAL Pays \/ RDC Acted est une\u00a0ONG\u00a0de solidarit\u00e9 internationale, cr\u00e9\u00e9e en 1993. Son si\u00e8ge est situ\u00e9 \u00e0 Paris. Acted poursuit un triple mandat en tant qu\u2019acteur de l\u2019aide humanitaire, de l\u2019environnement et du d\u00e9veloppement. R\u00f4le et responsabilit\u00e9s principales Le\/la responsable pays Enqu\u00eates, Suivi, Contr\u00f4le et \u00c9valuation est responsable de l\u2019\u00e9laboration du d\u00e9veloppement et de&#8230;<\/p>","protected":false},"author":1,"featured_media":0,"template":"","meta":{"_kad_post_transparent":"default","_kad_post_title":"default","_kad_post_layout":"default","_kad_post_sidebar_id":"","_kad_post_content_style":"default","_kad_post_vertical_padding":"default","_kad_post_feature":"","_kad_post_feature_position":"","_kad_post_header":false,"_kad_post_footer":false,"_kad_post_classname":"","_hh_deadline":"","_hh_apply_url":"","_hh_apply_email":"obs@acted.org","_hh_salary_min":0,"_hh_salary_max":0,"_hh_salary_currency":"EUR","_hh_salary_period":"month","_hh_remote":"no","_hh_start_date":"","_hh_views":62,"_hh_reliefweb_id":"","_hh_source":"","_hh_source_url":"","_hh_organisation":"","_hh_city":"","_hh_country_raw":""},"secteur":[],"pays_mission":[44],"ville_mission":[],"type_contrat":[],"niveau_experience":[],"type_organisation":[],"organisation":[115],"class_list":["post-15355","hh_job","type-hh_job","status-publish","hentry","pays_mission-rdc","organisation-acted"],"jetpack_sharing_enabled":true,"_links":{"self":[{"href":"https:\/\/humanitairehub.com\/en\/wp-json\/wp\/v2\/hh_job\/15355","targetHints":{"allow":["GET"]}}],"collection":[{"href":"https:\/\/humanitairehub.com\/en\/wp-json\/wp\/v2\/hh_job"}],"about":[{"href":"https:\/\/humanitairehub.com\/en\/wp-json\/wp\/v2\/types\/hh_job"}],"author":[{"embeddable":true,"href":"https:\/\/humanitairehub.com\/en\/wp-json\/wp\/v2\/users\/1"}],"wp:attachment":[{"href":"https:\/\/humanitairehub.com\/en\/wp-json\/wp\/v2\/media?parent=15355"}],"wp:term":[{"taxonomy":"secteur","embeddable":true,"href":"https:\/\/humanitairehub.com\/en\/wp-json\/wp\/v2\/secteur?post=15355"},{"taxonomy":"pays_mission","embeddable":true,"href":"https:\/\/humanitairehub.com\/en\/wp-json\/wp\/v2\/pays_mission?post=15355"},{"taxonomy":"ville_mission","embeddable":true,"href":"https:\/\/humanitairehub.com\/en\/wp-json\/wp\/v2\/ville_mission?post=15355"},{"taxonomy":"type_contrat","embeddable":true,"href":"https:\/\/humanitairehub.com\/en\/wp-json\/wp\/v2\/type_contrat?post=15355"},{"taxonomy":"niveau_experience","embeddable":true,"href":"https:\/\/humanitairehub.com\/en\/wp-json\/wp\/v2\/niveau_experience?post=15355"},{"taxonomy":"type_organisation","embeddable":true,"href":"https:\/\/humanitairehub.com\/en\/wp-json\/wp\/v2\/type_organisation?post=15355"},{"taxonomy":"organisation","embeddable":true,"href":"https:\/\/humanitairehub.com\/en\/wp-json\/wp\/v2\/organisation?post=15355"}],"curies":[{"name":"wp","href":"https:\/\/api.w.org\/{rel}","templated":true}]}}