{"id":15359,"date":"2026-09-05T12:01:46","date_gmt":"2026-09-05T12:01:46","guid":{"rendered":"https:\/\/humanitairehub.com\/?post_type=hh_job&#038;p=15359"},"modified":"2026-09-05T12:01:46","modified_gmt":"2026-09-05T12:01:46","slug":"handicap-international-recrute-05-postes","status":"publish","type":"hh_job","link":"https:\/\/humanitairehub.com\/en\/emploi\/handicap-international-recrute-05-postes\/","title":{"rendered":"Handicap International recrute 05 postes"},"content":{"rendered":"<h1>Offre d&#8217;emploi interne &amp; externe \u2014 Handicap International (RD Congo)<\/h1>\n<blockquote><p><strong>Organisation :<\/strong>\u00a0Handicap International (Humanity &amp; Inclusion), Programme RD Congo\u00a0<strong>Objet :<\/strong>\u00a0Constitution d&rsquo;un vivier de candidats pour l&rsquo;ouverture du bureau d&rsquo;<strong>Uvira<\/strong>\u00a0<strong>Type de contrat :<\/strong>\u00a0Contrat \u00e0 Dur\u00e9e D\u00e9termin\u00e9e (CDD)\u00a0<strong>Affectation :<\/strong>\u00a0Uvira, Sud-Kivu\u00a0<strong>Statut :<\/strong>\u00a0Positions\u00a0<strong>non ouvertes \u00e0 la d\u00e9localisation<\/strong>\u00a0<strong>Date limite :<\/strong>\u00a0<strong>15 septembre 2026 \u00e0 23h59<\/strong>\u00a0<strong>Fait \u00e0 Uvira, le 03\/09\/2026 \u2014 D\u00e9partement RH<\/strong><\/p><\/blockquote>\n<hr \/>\n<h2>Postes ouverts (5)<\/h2>\n<div class=\"overflow-x-auto\">\n<table>\n<thead>\n<tr>\n<th scope=\"col\">#<\/th>\n<th scope=\"col\">Poste<\/th>\n<th scope=\"col\">R\u00e9f\u00e9rence<\/th>\n<\/tr>\n<\/thead>\n<tbody>\n<tr>\n<td>1<\/td>\n<td>Superviseur Projet<\/td>\n<td>059\/OPER\/UVR\/HI\/08\/2026<\/td>\n<\/tr>\n<tr>\n<td>2<\/td>\n<td>T.O MHPSS (Sant\u00e9 Mentale et Soutien Psychosocial)<\/td>\n<td>061\/OPER\/UVR\/HI\/08\/2026<\/td>\n<\/tr>\n<tr>\n<td>3<\/td>\n<td>Mobilisateurs Communautaires<\/td>\n<td>057\/OPER\/UVR\/HI\/08\/2026<\/td>\n<\/tr>\n<tr>\n<td>4<\/td>\n<td>Travailleurs Sociaux<\/td>\n<td>060\/OPER\/UVR\/HI\/08\/2026<\/td>\n<\/tr>\n<tr>\n<td>5<\/td>\n<td>Psychologue<\/td>\n<td>058\/OPER\/UVR\/HI\/08\/2026<\/td>\n<\/tr>\n<\/tbody>\n<\/table>\n<\/div>\n<hr \/>\n<h2>I. Contexte<\/h2>\n<p><strong>Handicap International (Humanity &amp; Inclusion)<\/strong>\u00a0intervient en RDC depuis 1995 dans les domaines de l&rsquo;action humanitaire, du d\u00e9veloppement et de la logistique.<\/p>\n<p>\u00c0\u00a0<strong>Kinshasa<\/strong>, HI met en \u0153uvre des projets de d\u00e9veloppement ax\u00e9s sur la r\u00e9adaptation physique et fonctionnelle, la sant\u00e9 maternelle et infantile, l&rsquo;\u00e9ducation inclusive, la gouvernance inclusive et l&rsquo;inclusion \u00e9conomique.<\/p>\n<p>Au\u00a0<strong>Kasa\u00ef et Kasa\u00ef Central<\/strong>, apr\u00e8s des interventions de d\u00e9veloppement, HI a d\u00e9ploy\u00e9 depuis 2016 des projets de s\u00e9curit\u00e9 alimentaire, puis d&rsquo;inclusion \u00e9conomique et d&rsquo;\u00e9ducation inclusive.<\/p>\n<p>Au\u00a0<strong>Nord-Kivu<\/strong>, HI met en \u0153uvre plusieurs projets, notamment en sant\u00e9 mentale (cliniques mobiles), r\u00e9ponse d&rsquo;urgence, r\u00e9adaptation int\u00e9gr\u00e9e, inclusion \u00e9conomique, besoins de base et logistique humanitaire \u00e0 travers la plateforme\u00a0<strong>ATLAS Logistique<\/strong>, avec un possible d\u00e9ploiement des activit\u00e9s de transport.<\/p>\n<p>Au\u00a0<strong>Sud-Kivu<\/strong>, HI pr\u00e9voit d&rsquo;ouvrir son premier bureau \u00e0\u00a0<strong>Uvira<\/strong>\u00a0au second semestre 2026 afin de renforcer sa r\u00e9ponse humanitaire. Deux projets y seront d\u00e9ploy\u00e9s : un projet de sant\u00e9 mentale (CDCS) et un projet de logistique humanitaire via\u00a0<strong>ATLAS Logistique<\/strong>.<\/p>\n<p>La\u00a0<strong>strat\u00e9gie op\u00e9rationnelle 2026-2028<\/strong>, valid\u00e9e en 2025, vise \u00e0 renforcer et diversifier les interventions de HI, particuli\u00e8rement \u00e0 l&rsquo;Est de la RDC, avec un accent sur la r\u00e9ponse d&rsquo;urgence, la protection, le rel\u00e8vement \u00e9conomique, l&rsquo;acc\u00e8s aux soins et aux services de r\u00e9adaptation, ainsi que le d\u00e9veloppement de partenariats strat\u00e9giques.<\/p>\n<hr \/>\n<h2>II. Profil attendu \/ Pr\u00e9requis \/ Conditions<\/h2>\n<p><em>(Profil commun aux 5 postes \u2014 le PDF source ne d\u00e9taille pas de responsabilit\u00e9s ni de profil distincts par poste.)<\/em><\/p>\n<ul>\n<li>Dipl\u00f4me universitaire en lien avec le profil recherch\u00e9 ou dans un domaine \u00e9quivalent.<\/li>\n<li>Minimum\u00a0<strong>2 ans d&rsquo;exp\u00e9rience<\/strong>\u00a0dans des projets humanitaires ou de d\u00e9veloppement, id\u00e9alement au sein d&rsquo;une ONGI.<\/li>\n<li>Bonne connaissance des principes humanitaires, de la protection et de l&rsquo;inclusion.<\/li>\n<li>Bonne ma\u00eetrise du fran\u00e7ais et des langues locales parl\u00e9es dans la zone d&rsquo;intervention.<\/li>\n<li>Connaissance des outils informatiques courants (MS Office).<\/li>\n<li>Bonnes aptitudes en communication, travail d&rsquo;\u00e9quipe et organisation.<\/li>\n<li>Une exp\u00e9rience avec Handicap International constitue un atout.<\/li>\n<\/ul>\n<p><strong>Autres comp\u00e9tences et aptitudes<\/strong><\/p>\n<ul>\n<li>Excellentes capacit\u00e9s d&rsquo;organisation, d&rsquo;analyse, de r\u00e9solution de probl\u00e8mes.<\/li>\n<li>Apte \u00e0 faire des propositions en vue d&rsquo;am\u00e9liorations.<\/li>\n<li>Sens \u00e9lev\u00e9 de la qualit\u00e9 des rendus ainsi que du respect des r\u00e8gles et d\u00e9lais.<\/li>\n<li>Bonnes aptitudes relationnelles, sens de la confidentialit\u00e9, autonomie et gestion du stress.<\/li>\n<\/ul>\n<hr \/>\n<h2>III. Comment postuler<\/h2>\n<h3>\u00c9tape 1 \u2014 Remplir le formulaire de recrutement en ligne (un lien par poste)<\/h3>\n<div class=\"overflow-x-auto\">\n<table>\n<thead>\n<tr>\n<th scope=\"col\">Poste<\/th>\n<th scope=\"col\">Lien du formulaire<\/th>\n<\/tr>\n<\/thead>\n<tbody>\n<tr>\n<td>Superviseur Projet<\/td>\n<td><a class=\"text-accent hover:underline underline-offset-[1px] focus-visible:outline-hidden hide-focus-ring focus-visible:shadow-focus rounded-[3px]\" href=\"https:\/\/docs.google.com\/forms\/d\/e\/1FAIpQLSc2AN4TEbx_MzQMx-uzM67-Zw-2pJk7eDbYXPJ2wC6y6o5bJQ\/viewform\" target=\"_blank\" rel=\"noopener noreferrer nofollow\">https:\/\/docs.google.com\/forms\/d\/e\/1FAIpQLSc2AN4TEbx_MzQMx-uzM67-Zw-2pJk7eDbYXPJ2wC6y6o5bJQ\/viewform<\/a><\/td>\n<\/tr>\n<tr>\n<td>Technical Officer MHPSS<\/td>\n<td><a class=\"text-accent hover:underline underline-offset-[1px] focus-visible:outline-hidden hide-focus-ring focus-visible:shadow-focus rounded-[3px]\" href=\"https:\/\/docs.google.com\/forms\/d\/e\/1FAIpQLScl3vDC-_NmSKp7mFkm0TeZsUtxz90gqWkj0jKkP65C8TL0IQ\/viewform\" target=\"_blank\" rel=\"noopener noreferrer nofollow\">https:\/\/docs.google.com\/forms\/d\/e\/1FAIpQLScl3vDC-_NmSKp7mFkm0TeZsUtxz90gqWkj0jKkP65C8TL0IQ\/viewform<\/a><\/td>\n<\/tr>\n<tr>\n<td>Mobilisateur Communautaire<\/td>\n<td><a class=\"text-accent hover:underline underline-offset-[1px] focus-visible:outline-hidden hide-focus-ring focus-visible:shadow-focus rounded-[3px]\" href=\"https:\/\/docs.google.com\/forms\/d\/e\/1FAIpQLScqhv0AOeSq_NWlSCgmGBo_rPH1fBrCy42UlDNXUWn4bDwb0w\/viewform\" target=\"_blank\" rel=\"noopener noreferrer nofollow\">https:\/\/docs.google.com\/forms\/d\/e\/1FAIpQLScqhv0AOeSq_NWlSCgmGBo_rPH1fBrCy42UlDNXUWn4bDwb0w\/viewform<\/a><\/td>\n<\/tr>\n<tr>\n<td>Travailleur Social<\/td>\n<td><a class=\"text-accent hover:underline underline-offset-[1px] focus-visible:outline-hidden hide-focus-ring focus-visible:shadow-focus rounded-[3px]\" href=\"https:\/\/docs.google.com\/forms\/d\/e\/1FAIpQLScLw25P6SAyzAjeDEtfojrPVnMB95l11x7FIGwrLaBjm9RPuA\/viewform\" target=\"_blank\" rel=\"noopener noreferrer nofollow\">https:\/\/docs.google.com\/forms\/d\/e\/1FAIpQLScLw25P6SAyzAjeDEtfojrPVnMB95l11x7FIGwrLaBjm9RPuA\/viewform<\/a><\/td>\n<\/tr>\n<tr>\n<td>Psychologue<\/td>\n<td><a class=\"text-accent hover:underline underline-offset-[1px] focus-visible:outline-hidden hide-focus-ring focus-visible:shadow-focus rounded-[3px]\" href=\"https:\/\/docs.google.com\/forms\/d\/e\/1FAIpQLSdR1IwmzIsbqFIqW7Qsdh-GlJn10L9T3VI0t4Q2T_mtqaKvQg\/viewform\" target=\"_blank\" rel=\"noopener noreferrer nofollow\">https:\/\/docs.google.com\/forms\/d\/e\/1FAIpQLSdR1IwmzIsbqFIqW7Qsdh-GlJn10L9T3VI0t4Q2T_mtqaKvQg\/viewform<\/a><\/td>\n<\/tr>\n<\/tbody>\n<\/table>\n<\/div>\n<h3>\u00c9tape 2 \u2014 Envoyer le dossier par e-mail<\/h3>\n<p><strong>Adresse :<\/strong>\u00a0<a class=\"text-accent hover:underline underline-offset-[1px] focus-visible:outline-hidden hide-focus-ring focus-visible:shadow-focus rounded-[3px]\" href=\"mailto:recrutement@rdc.hi.org\" target=\"_blank\" rel=\"noopener noreferrer\">recrutement@rdc.hi.org<\/a>\u00a0<strong>Objet du mail :<\/strong>\u00a0<code data-epitaxy-inline-code=\"\">&lt;Intitul\u00e9 du poste&gt;, R\u00e9f : &lt;num\u00e9ro de r\u00e9f\u00e9rence&gt;<\/code>\u00a0\u2014 ex.\u00a0<em>\u00ab Psychologue, R\u00e9f : 058\/OPER\/UVR\/HI\/08\/2026 \u00bb<\/em>\u00a0<strong>Date limite :<\/strong>\u00a015 septembre 2026 \u00e0 23h59<\/p>\n<p><strong>Documents exig\u00e9s \u2014 obligatoirement et exclusivement :<\/strong><\/p>\n<ul>\n<li>Une lettre de motivation synth\u00e9tique (<strong>1 page maximum<\/strong>), ne reprenant pas les donn\u00e9es du CV mais expliquant les raisons de la candidature.<\/li>\n<li>Un curriculum vitae (<strong>3 pages maximum<\/strong>), avec coordonn\u00e9es t\u00e9l\u00e9phoniques, adresse e-mail, et\u00a0<strong>3 personnes de r\u00e9f\u00e9rence<\/strong>\u00a0dont un responsable des Ressources Humaines (pouvant \u00eatre contact\u00e9es durant le processus).<\/li>\n<li>La\u00a0<strong>carte de demandeur d&#8217;emploi d\u00e9livr\u00e9e par l&rsquo;ONEM<\/strong>.<\/li>\n<li>Une\u00a0<strong>pi\u00e8ce d&rsquo;identit\u00e9 en cours de validit\u00e9<\/strong>.<\/li>\n<\/ul>\n<p><strong>N.B. : toute candidature ne respectant pas ces 2 \u00e9tapes sera rejet\u00e9e.<\/strong><\/p>\n<hr \/>\n<h2>Modalit\u00e9s du processus<\/h2>\n<ul>\n<li>Tous les tests se d\u00e9rouleront\u00a0<strong>exclusivement \u00e0 Uvira<\/strong>.<\/li>\n<li>Aucune information suppl\u00e9mentaire ne sera donn\u00e9e sur place ni par t\u00e9l\u00e9phone.<\/li>\n<li>Seuls les candidats pr\u00e9s\u00e9lectionn\u00e9s seront contact\u00e9s pour participer aux tests.<\/li>\n<\/ul>\n<h2>Engagements de Handicap International<\/h2>\n<ul>\n<li>HI s&rsquo;engage \u00e0 promouvoir l&rsquo;\u00e9galit\u00e9 des chances et \u00e0 lutter contre toutes formes de discrimination \u00e0 l&#8217;embauche.<\/li>\n<li>HI est attach\u00e9 au principe de diversit\u00e9 et encourage particuli\u00e8rement\u00a0<strong>les candidatures des personnes en situation de handicap et des femmes<\/strong>. Les candidats en situation de handicap sont encourag\u00e9s \u00e0 contacter la base de recrutement pour exprimer leurs besoins sp\u00e9cifiques.<\/li>\n<li>HI est engag\u00e9 dans la protection de l&rsquo;enfance et la protection des b\u00e9n\u00e9ficiaires contre l&rsquo;exploitation et les abus sexuels.<\/li>\n<li>HI a une\u00a0<strong>tol\u00e9rance z\u00e9ro<\/strong>\u00a0envers les violations du code de conduite (fraude, corruption, exploitation et abus sexuels, harc\u00e8lement, intimidation, etc.).<\/li>\n<li>Le candidat s\u00e9lectionn\u00e9 devra adh\u00e9rer et respecter ces politiques institutionnelles et le code de conduite.<\/li>\n<li><strong>Aucun employ\u00e9 de HI n&rsquo;est autoris\u00e9 \u00e0 demander un paiement ou un \u00e9change de faveurs<\/strong>\u00a0en contrepartie d&rsquo;un traitement pr\u00e9f\u00e9rentiel dans le recrutement. Toute sollicitation de ce type doit \u00eatre signal\u00e9e au responsable de la base ou par e-mail \u00e0 :\u00a0<strong><a class=\"text-accent hover:underline underline-offset-[1px] focus-visible:outline-hidden hide-focus-ring focus-visible:shadow-focus rounded-[3px]\" href=\"mailto:ligne.plaintes@rdc.hi.org\" target=\"_blank\" rel=\"noopener noreferrer\">ligne.plaintes@rdc.hi.org<\/a><\/strong><\/li>\n<\/ul>\n","protected":false},"excerpt":{"rendered":"<p>Offre d&#8217;emploi interne &amp; externe \u2014 Handicap International (RD Congo) Organisation :\u00a0Handicap International (Humanity &amp; Inclusion), Programme RD Congo\u00a0Objet :\u00a0Constitution d&rsquo;un vivier de candidats pour l&rsquo;ouverture du bureau d&rsquo;Uvira\u00a0Type de contrat :\u00a0Contrat \u00e0 Dur\u00e9e D\u00e9termin\u00e9e (CDD)\u00a0Affectation :\u00a0Uvira, Sud-Kivu\u00a0Statut :\u00a0Positions\u00a0non ouvertes \u00e0 la d\u00e9localisation\u00a0Date limite :\u00a015 septembre 2026 \u00e0 23h59\u00a0Fait \u00e0 Uvira, le 03\/09\/2026 \u2014 D\u00e9partement&#8230;<\/p>","protected":false},"author":1,"featured_media":0,"template":"","meta":{"_kad_post_transparent":"default","_kad_post_title":"default","_kad_post_layout":"default","_kad_post_sidebar_id":"","_kad_post_content_style":"default","_kad_post_vertical_padding":"default","_kad_post_feature":"","_kad_post_feature_position":"","_kad_post_header":false,"_kad_post_footer":false,"_kad_post_classname":"","_hh_deadline":"2026-09-15","_hh_apply_url":"","_hh_apply_email":"recrutement@rdc.hi.org","_hh_salary_min":0,"_hh_salary_max":0,"_hh_salary_currency":"EUR","_hh_salary_period":"month","_hh_remote":"no","_hh_start_date":"","_hh_views":69,"_hh_reliefweb_id":"","_hh_source":"","_hh_source_url":"","_hh_organisation":"","_hh_city":"","_hh_country_raw":""},"secteur":[],"pays_mission":[44],"ville_mission":[],"type_contrat":[],"niveau_experience":[],"type_organisation":[],"organisation":[196],"class_list":["post-15359","hh_job","type-hh_job","status-publish","hentry","pays_mission-rdc","organisation-handicap-international"],"jetpack_sharing_enabled":true,"_links":{"self":[{"href":"https:\/\/humanitairehub.com\/en\/wp-json\/wp\/v2\/hh_job\/15359","targetHints":{"allow":["GET"]}}],"collection":[{"href":"https:\/\/humanitairehub.com\/en\/wp-json\/wp\/v2\/hh_job"}],"about":[{"href":"https:\/\/humanitairehub.com\/en\/wp-json\/wp\/v2\/types\/hh_job"}],"author":[{"embeddable":true,"href":"https:\/\/humanitairehub.com\/en\/wp-json\/wp\/v2\/users\/1"}],"wp:attachment":[{"href":"https:\/\/humanitairehub.com\/en\/wp-json\/wp\/v2\/media?parent=15359"}],"wp:term":[{"taxonomy":"secteur","embeddable":true,"href":"https:\/\/humanitairehub.com\/en\/wp-json\/wp\/v2\/secteur?post=15359"},{"taxonomy":"pays_mission","embeddable":true,"href":"https:\/\/humanitairehub.com\/en\/wp-json\/wp\/v2\/pays_mission?post=15359"},{"taxonomy":"ville_mission","embeddable":true,"href":"https:\/\/humanitairehub.com\/en\/wp-json\/wp\/v2\/ville_mission?post=15359"},{"taxonomy":"type_contrat","embeddable":true,"href":"https:\/\/humanitairehub.com\/en\/wp-json\/wp\/v2\/type_contrat?post=15359"},{"taxonomy":"niveau_experience","embeddable":true,"href":"https:\/\/humanitairehub.com\/en\/wp-json\/wp\/v2\/niveau_experience?post=15359"},{"taxonomy":"type_organisation","embeddable":true,"href":"https:\/\/humanitairehub.com\/en\/wp-json\/wp\/v2\/type_organisation?post=15359"},{"taxonomy":"organisation","embeddable":true,"href":"https:\/\/humanitairehub.com\/en\/wp-json\/wp\/v2\/organisation?post=15359"}],"curies":[{"name":"wp","href":"https:\/\/api.w.org\/{rel}","templated":true}]}}