{"id":15414,"date":"2026-09-05T21:49:53","date_gmt":"2026-09-05T21:49:53","guid":{"rendered":"https:\/\/humanitairehub.com\/?post_type=hh_job&#038;p=15414"},"modified":"2026-09-05T21:49:53","modified_gmt":"2026-09-05T21:49:53","slug":"field-programme-manager","status":"publish","type":"hh_job","link":"https:\/\/humanitairehub.com\/en\/emploi\/field-programme-manager\/","title":{"rendered":"Field Programme Manager"},"content":{"rendered":"<h2 class=\"iCIMS_Header\">Field Programme Manager (<span dir=\"auto\">recrutement local<\/span>)<\/h2>\n<p>NE-Niamey<\/p>\n<p>L\u2019Organisation Internationale de Droit du D\u00e9veloppement (IDLO), en anglais International Development Law Organization, est une\u00a0organisation\u00a0intergouvernementale fond\u00e9e en 1983 qui se consacre \u00e0 la promotion de l\u2019\u00c9tat de Droit dans le monde.<\/p>\n<h2 class=\"iCIMS_InfoMsg iCIMS_InfoField_Job\"><span dir=\"auto\">Aper\u00e7u et responsabilit\u00e9s \u00e0 IDLO\u00a0<\/span><\/h2>\n<div class=\"iCIMS_InfoMsg iCIMS_InfoMsg_Job\">\n<div class=\"iCIMS_Expandable_Container\">\n<div class=\"iCIMS_Expandable_Text\">\n<h3><strong><span dir=\"auto\">CONTEXTE ORGANISATIONNEL\u00a0<\/span><\/strong><\/h3>\n<p><span dir=\"auto\">Le D\u00e9partement des programmes assure la gestion et la coordination centrales de la mise en \u0153uvre des programmes. Il est responsable de l\u2019application du portefeuille de programmes mondiaux de l\u2019IDLO, conform\u00e9ment \u00e0 la strat\u00e9gie de l\u2019organisation.\u00a0\u00a0<\/span><span dir=\"auto\">Sous la supervision directe du\/de la Responsable pays pour le Niger, le\/la Responsable de programme terrain collabore avec les diff\u00e9rentes fonctions internes et externes afin de g\u00e9rer les programmes de l\u2019IDLO, notamment en \u00e9laborant et en g\u00e9rant le plan de travail complet, le plan de dotation en personnel et le budget. Il\/Elle peut \u00eatre amen\u00e9(e) \u00e0 repr\u00e9senter l\u2019IDLO aupr\u00e8s des partenaires, du personnel du si\u00e8ge de l\u2019IDLO, des repr\u00e9sentants gouvernementaux, des conseillers et experts techniques, des bailleurs de fonds et de la soci\u00e9t\u00e9 civile.\u00a0<\/span><\/p>\n<p><strong><span dir=\"auto\">LE POSTE\u00a0<\/span><\/strong><\/p>\n<p><span dir=\"auto\">R\u00e9sum\u00e9 des fonctions :\u00a0<\/span><br \/>\n<span dir=\"auto\">1. G\u00e9rer la mise en \u0153uvre quotidienne du programme.\u00a0<\/span><br \/>\n<span dir=\"auto\">2. Garantir la conformit\u00e9 du programme avec le contrat du bailleur de fonds et les normes de qualit\u00e9.\u00a0\u00a0<\/span><br \/>\n<span dir=\"auto\">3. Superviser le suivi, l\u2019\u00e9valuation et le reporting du programme.\u00a0<\/span><br \/>\n<span dir=\"auto\">4. D\u00e9velopper et repr\u00e9senter le programme.\u00a0\u00a0<\/span><br \/>\n<span dir=\"auto\">5. Diriger l\u2019\u00e9quipe et assurer la r\u00e9alisation efficace, efficiente et ax\u00e9e sur les r\u00e9sultats des activit\u00e9s et l\u2019obtention des r\u00e9sultats escompt\u00e9s.\u00a0\u00a0<\/span><span dir=\"auto\"><strong>Principaux r\u00e9sultats attendus :\u00a0<\/strong>\u00a01. G\u00e9rer la mise en \u0153uvre quotidienne du programme et les probl\u00e9matiques associ\u00e9es, notamment la supervision des partenaires de mise en \u0153uvre, la planification des activit\u00e9s, la gestion budg\u00e9taire, le suivi et le reporting, et veiller \u00e0 ce que toutes les phases du projet soient conformes \u00e0 sa conception et \u00e0 son calendrier de r\u00e9alisation.<\/span><\/p>\n<ul>\n<li><span dir=\"auto\">Suivre les modifications apport\u00e9es \u00e0 la conception du projet et aux plans de travail ; formuler des recommandations pour des corrections de cap opportunes et optimales.<\/span><\/li>\n<li><span dir=\"auto\">Collaborer et communiquer r\u00e9guli\u00e8rement avec le d\u00e9partement des finances du si\u00e8ge de l\u2019IDLO et le homologue du programme au si\u00e8ge afin d\u2019\u00e9tablir des pr\u00e9visions financi\u00e8res pr\u00e9cises, notamment en examinant les rapports financiers et en identifiant les zones de sur- ou sous-d\u00e9penses, et en signalant tout probl\u00e8me budg\u00e9taire urgent.\u00a0<\/span><\/li>\n<li><span dir=\"auto\">En coordination avec les RH, superviser l\u2019identification en temps opportun des contractuels et des employ\u00e9s ainsi que le traitement des contrats.\u00a0<\/span><\/li>\n<li><span dir=\"auto\">R\u00e9diger et contribuer aux rapports annuels et trimestriels ; coordonner la soumission des rapports financiers et narratifs ; mettre en \u00e9vidence la valeur et l\u2019impact du programme\/de l\u2019activit\u00e9.\u00a0<\/span><\/li>\n<\/ul>\n<p><span dir=\"auto\">2. Garantir la conformit\u00e9 du programme avec le contrat du donateur ainsi qu\u2019avec les normes de qualit\u00e9\u00a0:\u00a0\u00a0<\/span><\/p>\n<ul>\n<li><span dir=\"auto\">Veiller au respect des contrats et sous-contrats du programme.\u00a0<\/span><\/li>\n<li><span dir=\"auto\">En consultation avec le Bureau du conseiller juridique, examiner, r\u00e9diger et donner des conseils sur les contrats, les accords et autres documents juridiques.<\/span><\/li>\n<li><span dir=\"auto\">Effectuer des recherches sur les \u00e9v\u00e9nements, tendances et\/ou d\u00e9veloppements juridiques, politiques, sociaux et \u00e9conomiques li\u00e9s au Programme ; r\u00e9pondre aux demandes internes et externes de telles recherches.\u00a0<\/span><\/li>\n<li><span dir=\"auto\">Concevoir, rechercher, r\u00e9diger et \u00e9diter des documents de travail juridiques, des notes de service, des m\u00e9moires et autres documents originaux dans le cadre d\u2019une exp\u00e9rience de terrain, et utiliser ces documents pour l\u2019\u00e9laboration de r\u00e9sultats pertinents.<\/span><\/li>\n<li><span dir=\"auto\">S\u2019assurer que les livrables du programme r\u00e9pondent aux normes de qualit\u00e9 et solliciter de mani\u00e8re proactive l\u2019avis d\u2019experts internes comp\u00e9tents.\u00a0<\/span><\/li>\n<\/ul>\n<p><span dir=\"auto\">3. Superviser le suivi, l\u2019\u00e9valuation et la production de rapports relatifs aux programmes\u00a0:\u00a0<\/span><\/p>\n<ul>\n<li><span dir=\"auto\">Collaborer avec l\u2019\u00e9quipe d\u2019\u00e9valuation et assurer une liaison \u00e9troite avec les unit\u00e9s de programme concern\u00e9es en ce qui concerne l\u2019\u00e9valuation des programmes.\u00a0<\/span><\/li>\n<li><span dir=\"auto\">Identifier et signaler les difficult\u00e9s ou les changements possibles dans la strat\u00e9gie, les objectifs, les r\u00e9sultats ou les activit\u00e9s du Programme, et formuler des recommandations pour des corrections de cap opportunes et optimales.\u00a0<\/span><\/li>\n<li><span dir=\"auto\">Identifier les succ\u00e8s des projets et des \u00e9quipes et piloter la documentation pour le partage d\u2019informations internes et externes.\u00a0\u00a0<\/span><\/li>\n<\/ul>\n<p><span dir=\"auto\">4. D\u00e9veloppement et repr\u00e9sentation du programme :\u00a0<\/span><\/p>\n<ul>\n<li><span dir=\"auto\">Repr\u00e9senter l\u2019IDLO lors des \u00e9v\u00e9nements du programme et, sous la direction du superviseur, \u00e9tablir des relations avec les donateurs, les agences des Nations Unies, les institutions gouvernementales, les OSC et autres parties prenantes dans le domaine de l\u2019\u00e9tat de droit, par le biais de r\u00e9unions et de la pr\u00e9paration de rapports et de notes d\u2019information.\u00a0<\/span><\/li>\n<li><span dir=\"auto\">En coordination avec le superviseur et l\u2019Unit\u00e9 de conception et de d\u00e9veloppement des programmes, g\u00e9n\u00e9rer des id\u00e9es et identifier de nouvelles opportunit\u00e9s de programmes ; fournir une contribution substantielle \u00e0 l\u2019\u00e9laboration de propositions ou de notes conceptuelles visant \u00e0 \u00e9largir de mani\u00e8re novatrice le portefeuille de programmes de l\u2019IDLO conform\u00e9ment aux strat\u00e9gies nationales\/r\u00e9gionales\/organisationnelles.\u00a0<\/span><\/li>\n<li><span dir=\"auto\">Responsable de la conception des plans de mise en \u0153uvre au moyen d\u2019outils standardis\u00e9s de gestion du cycle de programme, de mod\u00e8les et de cadres logiques, de plans de travail, de rapports de suivi, etc.\u00a0\u00a0<\/span><\/li>\n<li><span dir=\"auto\">Superviser efficacement l\u2019\u00e9quipe et la diriger en fournissant des directives claires, en abordant le d\u00e9veloppement et la gestion des performances par le biais d\u2019un dialogue continu et d\u2019un mentorat ; favoriser une approche de travail d\u2019\u00e9quipe pour atteindre les objectifs ; g\u00e9rer les conflits possibles de mani\u00e8re positive et constructive ; encourager l\u2019initiative et maintenir des relations de travail efficaces dans un contexte multiculturel.<\/span><\/li>\n<\/ul>\n<\/div>\n<\/div>\n<\/div>\n<h2 class=\"iCIMS_InfoMsg iCIMS_InfoField_Job\"><span dir=\"auto\">Exigences du poste<\/span><\/h2>\n<div class=\"iCIMS_InfoMsg iCIMS_InfoMsg_Job\">\n<div class=\"iCIMS_Expandable_Container\">\n<div class=\"iCIMS_Expandable_Text\">\n<p><strong><span dir=\"auto\">\u00c9ducation:<\/span><\/strong><\/p>\n<p><span dir=\"auto\">Un dipl\u00f4me universitaire de niveau sup\u00e9rieur en d\u00e9veloppement international, droit, administration publique, administration des affaires, politiques publiques ou autres sciences sociales pertinentes est requis.\u00a0<\/span><\/p>\n<p><strong><span dir=\"auto\">Exp\u00e9rience<\/span><\/strong><span dir=\"auto\">\u00a0:<\/span><\/p>\n<p><span dir=\"auto\">Au moins 5 \u00e0 7 ans d\u2019exp\u00e9rience professionnelle significative et pertinente au sein d\u2019une organisation internationale ou d\u2019une ONG internationale, dans la conception et la mise en \u0153uvre de programmes de renforcement des capacit\u00e9s et de promotion de l\u2019\u00e9tat de droit. Une exp\u00e9rience manag\u00e9riale av\u00e9r\u00e9e est requise.\u00a0<\/span><\/p>\n<p><strong><span dir=\"auto\">Langues :<\/span><\/strong><\/p>\n<p><span dir=\"auto\">La ma\u00eetrise du fran\u00e7ais et de l\u2019anglais, \u00e0 l\u2019\u00e9crit comme \u00e0 l\u2019oral, est requise.<\/span><\/p>\n<p><strong><span dir=\"auto\">Connaissances, comp\u00e9tences et qualit\u00e9s comportementales sp\u00e9cifiques\u00a0:\u00a0\u00a0<\/span><\/strong><br \/>\n<span dir=\"auto\">\u2013 Ma\u00eetrise des outils standard de gestion de programmes et de donn\u00e9es, ainsi que des principes de gestion ax\u00e9e sur les r\u00e9sultats et de suivi-\u00e9valuation\u00a0;\u00a0<\/span><br \/>\n<span dir=\"auto\">\u2013 Solide expertise dans le domaine de l\u2019administration de la justice\u00a0;\u00a0<\/span><br \/>\n<span dir=\"auto\">\u2013 Excellentes aptitudes \u00e0 la communication \u00e9crite et orale\u00a0;\u00a0<\/span><br \/>\n<span dir=\"auto\">\u2013 Bonne connaissance de Microsoft Word, Excel et PowerPoint\u00a0; Ma\u00eetrise des autres logiciels informatiques et d\u2019Internet\u00a0;\u00a0\u00a0<\/span><br \/>\n<span dir=\"auto\">\u2013 Capacit\u00e9 \u00e0 travailler efficacement en \u00e9quipe et \u00e0 participer activement. Partage d\u2019informations, contribution, encouragement et motivation des autres \u00e0 s\u2019impliquer dans les activit\u00e9s de l\u2019\u00e9quipe. Fourniture de commentaires constructifs et disponibilit\u00e9 pour aider les autres.<\/span><\/p>\n<p><span dir=\"auto\">\u2013 Contribue \u00e0 un environnement \u00e9quitable qui favorise la collaboration et la coop\u00e9ration. Travaille efficacement au sein et en dehors des fronti\u00e8res organisationnelles de l\u2019IDLO.\u00a0<\/span><br \/>\n<span dir=\"auto\">\u2013 Sert de mod\u00e8le et offre des conseils \u00e0 ses coll\u00e8gues. Prend l\u2019initiative de partager ses connaissances, son exp\u00e9rience et ses informations. Re\u00e7oit et donne des commentaires constructifs (\u00e0 tous les niveaux hi\u00e9rarchiques) afin de d\u00e9velopper et de motiver les autres.\u00a0<\/span><br \/>\n<span dir=\"auto\">\u2013 Capacit\u00e9 av\u00e9r\u00e9e \u00e0 mener \u00e0 bien les t\u00e2ches qui lui sont confi\u00e9es et \u00e0 obtenir des r\u00e9sultats.\u00a0\u00a0<\/span><br \/>\n<span dir=\"auto\">\u2013 Capacit\u00e9 \u00e0 travailler sous pression, \u00e0 respecter des d\u00e9lais serr\u00e9s, \u00e0 faire preuve de flexibilit\u00e9 et d\u2019esprit d\u2019initiative.\u00a0<\/span><br \/>\n<span dir=\"auto\">\u2013 Capacit\u00e9 et volont\u00e9 de se d\u00e9placer dans les r\u00e9gions, si n\u00e9cessaire.\u00a0<\/span><br \/>\n<span dir=\"auto\">\u2013 Sens aigu de l\u2019\u00e9thique, int\u00e9grit\u00e9 et engagement envers le mandat de l\u2019IDLO.<\/span><\/p>\n<p><span dir=\"auto\">\u2013 Motiv\u00e9 et dynamique, dot\u00e9 d\u2019une volont\u00e9 et d\u2019une capacit\u00e9 \u00e0 prendre des initiatives pour aider l\u2019organisation \u00e0 atteindre ses objectifs.<\/span><\/p>\n<\/div>\n<\/div>\n<\/div>\n<h2 class=\"iCIMS_InfoMsg iCIMS_InfoField_Job\"><span dir=\"auto\">Conditions g\u00e9n\u00e9rales<\/span><\/h2>\n<div class=\"iCIMS_InfoMsg iCIMS_InfoMsg_Job\">\n<div class=\"iCIMS_Expandable_Container\">\n<div class=\"iCIMS_Expandable_Text\">\n<p><span dir=\"auto\">Pour ce poste, ouvert au recrutement national, IDLO proposera au candidat retenu un contrat d\u2019affili\u00e9 de 12 mois, renouvelable en fonction de ses performances et de la disponibilit\u00e9 des fonds. Le salaire annuel de base sera de 18\u00a0417\u00a0977 XOF.<\/span><\/p>\n<p><span dir=\"auto\">Les employ\u00e9s d\u2019IDLO sont responsables du respect des lois fiscales de leur pays de nationalit\u00e9 ou de r\u00e9sidence, ainsi que de toute autre juridiction fiscale comp\u00e9tente.\u00a0\u00a0<\/span><span dir=\"auto\">IDLO est un employeur qui souscrit au principe de l\u2019\u00e9galit\u00e9 des chances. Nous encourageons les candidatures de personnes qualifi\u00e9es de tous horizons. Les candidatures f\u00e9minines sont vivement encourag\u00e9es.\u00a0\u00a0IDLO ne tol\u00e8re aucune forme d\u2019exploitation ou d\u2019abus sexuels, de harc\u00e8lement (y compris \u00e0 caract\u00e8re sexuel) ni de discrimination. \u00c0 ce titre, IDLO effectuera des v\u00e9rifications approfondies des r\u00e9f\u00e9rences et des ant\u00e9c\u00e9dents de tous les candidats retenus dans le cadre de son processus de s\u00e9lection.\u00a0\u00a0Afin d\u2019optimiser l\u2019utilisation des ressources, seuls les candidats pr\u00e9s\u00e9lectionn\u00e9s seront contact\u00e9s.\u00a0<\/span><br \/>\n<span dir=\"auto\">Les candidats int\u00e9ress\u00e9s sont pri\u00e9s de soumettre leur candidature\u00a0<\/span><span dir=\"auto\">en anglais<\/span><span dir=\"auto\">\u00a0, comprenant\u00a0<\/span><strong><span dir=\"auto\">un CV \u00e0 jour<\/span><\/strong><span dir=\"auto\">\u00a0et\u00a0<\/span><strong><span dir=\"auto\">une lettre de motivation<\/span><\/strong><span dir=\"auto\">\u00a0uniquement.<\/span><\/p>\n<p><strong><span dir=\"auto\">Date limite de candidature : 13 septembre 2026<\/span><\/strong><span dir=\"auto\">\u00a0(23h59, heure de Rome)<\/span><\/p>\n<\/div>\n<\/div>\n<\/div>\n<h2 class=\"iCIMS_InfoMsg iCIMS_InfoField_Job\"><span dir=\"auto\">R\u00e9mun\u00e9ration annuelle<\/span><\/h2>\n<div class=\"iCIMS_InfoMsg iCIMS_InfoMsg_Job\">\n<div class=\"iCIMS_Expandable_Container\">\n<div class=\"iCIMS_Expandable_Text\"><span dir=\"auto\">CFA XOF18 417 977,00\/an.<\/span><\/div>\n<\/div>\n<\/div>\n<div class=\"iCIMS_JobOptions\">\n<div id=\"jobOptionsMobile\" class=\"iCIMS_JobOptionsMobile iCIMS_JobOptionsMobile_Options3\">\n<div class=\"iCIMS_Action_ButtonText\"><span class=\"iCIMS_LongLabel\"><span dir=\"auto\">Postulez en ligne pour cet emploi<\/span><\/span><\/div>\n<div class=\"iCIMS_Action_ButtonText\"><span class=\"iCIMS_LongLabel\"><span dir=\"auto\">Recommandez ce poste \u00e0 un ami<\/span><\/span><\/div>\n<\/div>\n<div id=\"jobSocialOptions\" class=\"iCIMS_jobSocialOptions\">\n<div id=\"icimsSD_widget_share\" class=\"iCIMS_BroadcastJob icimsSD_widget icimsSDWidget_share\" data-icims-sd-type=\"share\" data-icims-sd-jid=\"1745\" data-icims-sd-size=\"24\">\n<div class=\"icimsSDWidget_publishButtonsCntnr\"><\/div>\n<\/div>\n<\/div>\n<\/div>\n<div class=\"iCIMS_PageFooter\"><b><span dir=\"auto\">AVERTISSEMENT<\/span><\/b><\/div>\n<div><\/div>\n<div class=\"iCIMS_PageFooter\"><span dir=\"auto\">Les \u00e9nonc\u00e9s ci-dessus d\u00e9crivent la nature g\u00e9n\u00e9rale et le niveau du travail attendu de la personne affect\u00e9e \u00e0 ce poste. Cette liste n\u2019est pas exhaustive. Toutes les candidatures seront trait\u00e9es avec la plus stricte confidentialit\u00e9 et conform\u00e9ment \u00e0 la politique de l\u2019IDLO en mati\u00e8re de protection des donn\u00e9es personnelles. Le directeur g\u00e9n\u00e9ral de l\u2019IDLO se r\u00e9serve le droit de modifier les responsabilit\u00e9s ou d\u2019annuler le recrutement afin de r\u00e9pondre aux besoins op\u00e9rationnels et organisationnels.<\/span><\/div>","protected":false},"excerpt":{"rendered":"<p>Field Programme Manager (recrutement local) NE-Niamey L\u2019Organisation Internationale de Droit du D\u00e9veloppement (IDLO), en anglais International Development Law Organization, est une\u00a0organisation\u00a0intergouvernementale fond\u00e9e en 1983 qui se consacre \u00e0 la promotion de l\u2019\u00c9tat de Droit dans le monde. Aper\u00e7u et responsabilit\u00e9s \u00e0 IDLO\u00a0 CONTEXTE ORGANISATIONNEL\u00a0 Le D\u00e9partement des programmes assure la gestion et la coordination centrales&#8230;<\/p>","protected":false},"author":1,"featured_media":0,"template":"","meta":{"_kad_post_transparent":"default","_kad_post_title":"default","_kad_post_layout":"default","_kad_post_sidebar_id":"","_kad_post_content_style":"default","_kad_post_vertical_padding":"default","_kad_post_feature":"","_kad_post_feature_position":"","_kad_post_header":false,"_kad_post_footer":false,"_kad_post_classname":"","_hh_deadline":"2026-09-13","_hh_apply_url":"https:\/\/careers-idlo.icims.com\/jobs\/1745\/field-programme-manager-locally-recruited\/job?mobile=false&width=1521&height=500&bga=true&needsRedirect=false&jan1offset=0&jun1offset=0","_hh_apply_email":"","_hh_salary_min":0,"_hh_salary_max":0,"_hh_salary_currency":"EUR","_hh_salary_period":"month","_hh_remote":"no","_hh_start_date":"","_hh_views":29,"_hh_reliefweb_id":"","_hh_source":"","_hh_source_url":"","_hh_organisation":"","_hh_city":"","_hh_country_raw":""},"secteur":[],"pays_mission":[30],"ville_mission":[],"type_contrat":[],"niveau_experience":[],"type_organisation":[],"organisation":[1342],"class_list":["post-15414","hh_job","type-hh_job","status-publish","hentry","pays_mission-niger","organisation-idlo"],"jetpack_sharing_enabled":true,"_links":{"self":[{"href":"https:\/\/humanitairehub.com\/en\/wp-json\/wp\/v2\/hh_job\/15414","targetHints":{"allow":["GET"]}}],"collection":[{"href":"https:\/\/humanitairehub.com\/en\/wp-json\/wp\/v2\/hh_job"}],"about":[{"href":"https:\/\/humanitairehub.com\/en\/wp-json\/wp\/v2\/types\/hh_job"}],"author":[{"embeddable":true,"href":"https:\/\/humanitairehub.com\/en\/wp-json\/wp\/v2\/users\/1"}],"wp:attachment":[{"href":"https:\/\/humanitairehub.com\/en\/wp-json\/wp\/v2\/media?parent=15414"}],"wp:term":[{"taxonomy":"secteur","embeddable":true,"href":"https:\/\/humanitairehub.com\/en\/wp-json\/wp\/v2\/secteur?post=15414"},{"taxonomy":"pays_mission","embeddable":true,"href":"https:\/\/humanitairehub.com\/en\/wp-json\/wp\/v2\/pays_mission?post=15414"},{"taxonomy":"ville_mission","embeddable":true,"href":"https:\/\/humanitairehub.com\/en\/wp-json\/wp\/v2\/ville_mission?post=15414"},{"taxonomy":"type_contrat","embeddable":true,"href":"https:\/\/humanitairehub.com\/en\/wp-json\/wp\/v2\/type_contrat?post=15414"},{"taxonomy":"niveau_experience","embeddable":true,"href":"https:\/\/humanitairehub.com\/en\/wp-json\/wp\/v2\/niveau_experience?post=15414"},{"taxonomy":"type_organisation","embeddable":true,"href":"https:\/\/humanitairehub.com\/en\/wp-json\/wp\/v2\/type_organisation?post=15414"},{"taxonomy":"organisation","embeddable":true,"href":"https:\/\/humanitairehub.com\/en\/wp-json\/wp\/v2\/organisation?post=15414"}],"curies":[{"name":"wp","href":"https:\/\/api.w.org\/{rel}","templated":true}]}}